{"id":25,"date":"2021-04-16T15:34:28","date_gmt":"2021-04-16T13:34:28","guid":{"rendered":"https:\/\/www.fullstory-media.com\/journalistik\/?page_id=25"},"modified":"2021-09-01T14:24:15","modified_gmt":"2021-09-01T12:24:15","slug":"om-mig","status":"publish","type":"page","link":"https:\/\/www.fullstory-media.com\/journalistik\/om-mig\/","title":{"rendered":"Om mig"},"content":{"rendered":"[et_pb_section fb_built=&#8221;1&#8243; admin_label=&#8221;Puffar&#8221; module_class=&#8221;home-blurbs&#8221; _builder_version=&#8221;4.9.4&#8243; _module_preset=&#8221;default&#8221; locked=&#8221;off&#8221; global_colors_info=&#8221;{}&#8221;][et_pb_row column_structure=&#8221;2_5,3_5&#8243; make_equal=&#8221;on&#8221; _builder_version=&#8221;4.9.4&#8243; _module_preset=&#8221;default&#8221; global_colors_info=&#8221;{}&#8221;][et_pb_column type=&#8221;2_5&#8243; _builder_version=&#8221;4.9.4&#8243; _module_preset=&#8221;default&#8221; global_colors_info=&#8221;{}&#8221;][et_pb_image src=&#8221;https:\/\/www.fullstory-media.com\/marknadsforing\/wp-content\/uploads\/sites\/2\/2021\/06\/A-M-bild.jpg&#8221; title_text=&#8221;A-M bild&#8221; _builder_version=&#8221;4.9.4&#8243; _module_preset=&#8221;default&#8221; global_colors_info=&#8221;{}&#8221;][\/et_pb_image][\/et_pb_column][et_pb_column type=&#8221;3_5&#8243; module_class=&#8221;vertical-flex&#8221; _builder_version=&#8221;4.9.4&#8243; _module_preset=&#8221;default&#8221; global_colors_info=&#8221;{}&#8221;][et_pb_text _builder_version=&#8221;4.10.5&#8243; _module_preset=&#8221;default&#8221; text_orientation=&#8221;justified&#8221; hover_enabled=&#8221;0&#8243; global_colors_info=&#8221;{}&#8221; sticky_enabled=&#8221;0&#8243;]\n<h1>En kameleont med fokus p\u00e5 inneh\u00e5ll<\/h1>\n<p>Jag tror p\u00e5 att utmana invanda tankeg\u00e5ngar. Att skapa inneh\u00e5ll (ord, bilder, video) som ber\u00f6r, informerar, underh\u00e5ller och f\u00f6r\u00e4ndrar. Slutprodukterna kallas storytelling, marknadsf\u00f6ring, journalistik och kommunikation. Eftersom min grund kommer fr\u00e5n journalistiken \u00e4r det ocks\u00e5 mitt arbetss\u00e4tt. Att f\u00f6rdjupa mig, f\u00f6rtydliga, t\u00e4nka i olika infallsvinklar och h\u00e5lla det kort. Jag lyssnar och utmanar. S\u00e5v\u00e4l dig som mig sj\u00e4lv. Jag ifr\u00e5gas\u00e4tter och blir g\u00e4rna sj\u00e4lv ifr\u00e5gasatt. Det \u00e4r n\u00e4mligen bara tillsammans som vi kan skapa n\u00e5got unikt.<\/p>\n<h2><span style=\"color: #333333; font-size: 26px;\">\u00c4nnu mer om mig<\/span><\/h2>\n<p>Under mer \u00e4n tio \u00e5r bodde jag i Amsterdam och d\u00e4rf\u00f6r \u00e4r mina arbetsspr\u00e5k svenska, engelska och nederl\u00e4ndska. Nu \u00e4r halva min familj holl\u00e4ndare s\u00e5 jag st\u00e5r med ena foten i Nederl\u00e4nderna och den andra i Sverige och h\u00e4rifr\u00e5n jobbar jag globalt. Jag \u00e4r nyfiken p\u00e5 m\u00e4nniskors situationer, upplevelser, ber\u00e4ttelser och strider och det lyser ocks\u00e5 igenom i mitt inneh\u00e5llskapande och hur jag samarbetar med kunder. Samma nyfikenhet har lett mig till samarbete med multinationella f\u00f6retag, ideella organisationer, start-ups och en-mansf\u00f6retag. Jag t\u00e4nker strategiskt och l\u00e5ngsiktigt men utf\u00f6r direkt och effektivt. Hur kan jag hj\u00e4lpa dig?<\/p>\n[\/et_pb_text][\/et_pb_column][\/et_pb_row][\/et_pb_section][et_pb_section fb_built=&#8221;1&#8243; admin_label=&#8221;CTA&#8221; _builder_version=&#8221;4.9.4&#8243; _module_preset=&#8221;default&#8221; use_background_color_gradient=&#8221;on&#8221; background_color_gradient_start=&#8221;rgba(0,0,0,0.75)&#8221; background_color_gradient_end=&#8221;rgba(0,0,0,0.75)&#8221; background_color_gradient_overlays_image=&#8221;on&#8221; background_image=&#8221;https:\/\/www.fullstory-media.com\/journalistik\/wp-content\/uploads\/sites\/3\/2021\/05\/cta-1.jpeg&#8221; background_video_mp4=&#8221;https:\/\/www.fullstory-media.com\/marknadsforing\/wp-content\/uploads\/sites\/2\/2021\/05\/road-720-fast.mp4&#8243; locked=&#8221;off&#8221; global_colors_info=&#8221;{}&#8221;][et_pb_row _builder_version=&#8221;4.9.4&#8243; _module_preset=&#8221;default&#8221; max_width=&#8221;600px&#8221; max_width_tablet=&#8221;480px&#8221; max_width_phone=&#8221;92%&#8221; max_width_last_edited=&#8221;on|phone&#8221; module_alignment=&#8221;center&#8221; global_colors_info=&#8221;{}&#8221;][et_pb_column type=&#8221;4_4&#8243; _builder_version=&#8221;4.9.4&#8243; _module_preset=&#8221;default&#8221; global_colors_info=&#8221;{}&#8221;][et_pb_text _builder_version=&#8221;4.9.4&#8243; _module_preset=&#8221;default&#8221; text_orientation=&#8221;center&#8221; background_layout=&#8221;dark&#8221; global_colors_info=&#8221;{}&#8221;]\n<h3>Kontakta mig<\/h3>\n<p>Ibland \u00e4r det br\u00e5ttom och ibland m\u00e5ste du planera fram\u00e5t.<br \/>\nOavsett situation &#8211; h\u00f6r av dig.[\/et_pb_text][et_pb_button button_url=&#8221;\/journalistik\/kontakt\/&#8221; button_text=&#8221;L\u00e4s mer&#8221; button_alignment=&#8221;center&#8221; module_class=&#8221;read-more-white&#8221; _builder_version=&#8221;4.9.4&#8243; _module_preset=&#8221;default&#8221; global_colors_info=&#8221;{}&#8221;][\/et_pb_button][\/et_pb_column][\/et_pb_row][\/et_pb_section]\n","protected":false},"excerpt":{"rendered":"<p>En kameleont med fokus p\u00e5 inneh\u00e5ll Jag tror p\u00e5 att utmana invanda tankeg\u00e5ngar. Att skapa inneh\u00e5ll (ord, bilder, video) som ber\u00f6r, informerar, underh\u00e5ller och f\u00f6r\u00e4ndrar. Slutprodukterna kallas storytelling, marknadsf\u00f6ring, journalistik och kommunikation. Eftersom min grund kommer fr\u00e5n journalistiken \u00e4r det ocks\u00e5 mitt arbetss\u00e4tt. Att f\u00f6rdjupa mig, f\u00f6rtydliga, t\u00e4nka i olika infallsvinklar och h\u00e5lla det kort. [&hellip;]<\/p>\n","protected":false},"author":1,"featured_media":0,"parent":0,"menu_order":0,"comment_status":"closed","ping_status":"closed","template":"","meta":{"_et_pb_use_builder":"on","_et_pb_old_content":"","_et_gb_content_width":"","footnotes":""},"class_list":["post-25","page","type-page","status-publish","hentry"],"yoast_head":"<!-- This site is optimized with the Yoast SEO plugin v27.5 - https:\/\/yoast.com\/product\/yoast-seo-wordpress\/ -->\n<title>Om mig - Journalistik<\/title>\n<meta name=\"description\" content=\"Om mig. Jag t\u00e4nker strategiskt och l\u00e5ngsiktigt och utf\u00f6r direkt och effektivt. Vad beh\u00f6ver du? Jag hj\u00e4lper dig uppn\u00e5 det!\" \/>\n<meta name=\"robots\" content=\"index, follow, max-snippet:-1, max-image-preview:large, max-video-preview:-1\" \/>\n<link rel=\"canonical\" href=\"https:\/\/www.fullstory-media.com\/journalistik\/om-mig\/\" \/>\n<meta property=\"og:locale\" content=\"sv_SE\" \/>\n<meta property=\"og:type\" content=\"article\" \/>\n<meta property=\"og:title\" content=\"Om mig - Journalistik\" \/>\n<meta property=\"og:description\" content=\"Om mig. Jag t\u00e4nker strategiskt och l\u00e5ngsiktigt och utf\u00f6r direkt och effektivt. Vad beh\u00f6ver du? Jag hj\u00e4lper dig uppn\u00e5 det!\" \/>\n<meta property=\"og:url\" content=\"https:\/\/www.fullstory-media.com\/journalistik\/om-mig\/\" \/>\n<meta property=\"og:site_name\" content=\"Journalistik\" \/>\n<meta property=\"article:modified_time\" content=\"2021-09-01T12:24:15+00:00\" \/>\n<meta name=\"twitter:card\" content=\"summary_large_image\" \/>\n<meta name=\"twitter:label1\" content=\"Ber\u00e4knad l\u00e4stid\" \/>\n\t<meta name=\"twitter:data1\" content=\"3 minuter\" \/>\n<script type=\"application\/ld+json\" class=\"yoast-schema-graph\">{\"@context\":\"https:\\\/\\\/schema.org\",\"@graph\":[{\"@type\":\"WebPage\",\"@id\":\"https:\\\/\\\/www.fullstory-media.com\\\/journalistik\\\/om-mig\\\/\",\"url\":\"https:\\\/\\\/www.fullstory-media.com\\\/journalistik\\\/om-mig\\\/\",\"name\":\"Om mig - Journalistik\",\"isPartOf\":{\"@id\":\"https:\\\/\\\/www.fullstory-media.com\\\/journalistik\\\/#website\"},\"datePublished\":\"2021-04-16T13:34:28+00:00\",\"dateModified\":\"2021-09-01T12:24:15+00:00\",\"description\":\"Om mig. Jag t\u00e4nker strategiskt och l\u00e5ngsiktigt och utf\u00f6r direkt och effektivt. Vad beh\u00f6ver du? Jag hj\u00e4lper dig uppn\u00e5 det!\",\"breadcrumb\":{\"@id\":\"https:\\\/\\\/www.fullstory-media.com\\\/journalistik\\\/om-mig\\\/#breadcrumb\"},\"inLanguage\":\"sv-SE\",\"potentialAction\":[{\"@type\":\"ReadAction\",\"target\":[\"https:\\\/\\\/www.fullstory-media.com\\\/journalistik\\\/om-mig\\\/\"]}]},{\"@type\":\"BreadcrumbList\",\"@id\":\"https:\\\/\\\/www.fullstory-media.com\\\/journalistik\\\/om-mig\\\/#breadcrumb\",\"itemListElement\":[{\"@type\":\"ListItem\",\"position\":1,\"name\":\"Home\",\"item\":\"https:\\\/\\\/www.fullstory-media.com\\\/journalistik\\\/\"},{\"@type\":\"ListItem\",\"position\":2,\"name\":\"Om mig\"}]},{\"@type\":\"WebSite\",\"@id\":\"https:\\\/\\\/www.fullstory-media.com\\\/journalistik\\\/#website\",\"url\":\"https:\\\/\\\/www.fullstory-media.com\\\/journalistik\\\/\",\"name\":\"Journalistik\",\"description\":\"\u00c4nnu en webbplats hos Full Story Media-webbplatser\",\"potentialAction\":[{\"@type\":\"SearchAction\",\"target\":{\"@type\":\"EntryPoint\",\"urlTemplate\":\"https:\\\/\\\/www.fullstory-media.com\\\/journalistik\\\/?s={search_term_string}\"},\"query-input\":{\"@type\":\"PropertyValueSpecification\",\"valueRequired\":true,\"valueName\":\"search_term_string\"}}],\"inLanguage\":\"sv-SE\"}]}<\/script>\n<!-- \/ Yoast SEO plugin. -->","yoast_head_json":{"title":"Om mig - Journalistik","description":"Om mig. Jag t\u00e4nker strategiskt och l\u00e5ngsiktigt och utf\u00f6r direkt och effektivt. Vad beh\u00f6ver du? Jag hj\u00e4lper dig uppn\u00e5 det!","robots":{"index":"index","follow":"follow","max-snippet":"max-snippet:-1","max-image-preview":"max-image-preview:large","max-video-preview":"max-video-preview:-1"},"canonical":"https:\/\/www.fullstory-media.com\/journalistik\/om-mig\/","og_locale":"sv_SE","og_type":"article","og_title":"Om mig - Journalistik","og_description":"Om mig. Jag t\u00e4nker strategiskt och l\u00e5ngsiktigt och utf\u00f6r direkt och effektivt. Vad beh\u00f6ver du? Jag hj\u00e4lper dig uppn\u00e5 det!","og_url":"https:\/\/www.fullstory-media.com\/journalistik\/om-mig\/","og_site_name":"Journalistik","article_modified_time":"2021-09-01T12:24:15+00:00","twitter_card":"summary_large_image","twitter_misc":{"Ber\u00e4knad l\u00e4stid":"3 minuter"},"schema":{"@context":"https:\/\/schema.org","@graph":[{"@type":"WebPage","@id":"https:\/\/www.fullstory-media.com\/journalistik\/om-mig\/","url":"https:\/\/www.fullstory-media.com\/journalistik\/om-mig\/","name":"Om mig - Journalistik","isPartOf":{"@id":"https:\/\/www.fullstory-media.com\/journalistik\/#website"},"datePublished":"2021-04-16T13:34:28+00:00","dateModified":"2021-09-01T12:24:15+00:00","description":"Om mig. Jag t\u00e4nker strategiskt och l\u00e5ngsiktigt och utf\u00f6r direkt och effektivt. Vad beh\u00f6ver du? Jag hj\u00e4lper dig uppn\u00e5 det!","breadcrumb":{"@id":"https:\/\/www.fullstory-media.com\/journalistik\/om-mig\/#breadcrumb"},"inLanguage":"sv-SE","potentialAction":[{"@type":"ReadAction","target":["https:\/\/www.fullstory-media.com\/journalistik\/om-mig\/"]}]},{"@type":"BreadcrumbList","@id":"https:\/\/www.fullstory-media.com\/journalistik\/om-mig\/#breadcrumb","itemListElement":[{"@type":"ListItem","position":1,"name":"Home","item":"https:\/\/www.fullstory-media.com\/journalistik\/"},{"@type":"ListItem","position":2,"name":"Om mig"}]},{"@type":"WebSite","@id":"https:\/\/www.fullstory-media.com\/journalistik\/#website","url":"https:\/\/www.fullstory-media.com\/journalistik\/","name":"Journalistik","description":"\u00c4nnu en webbplats hos Full Story Media-webbplatser","potentialAction":[{"@type":"SearchAction","target":{"@type":"EntryPoint","urlTemplate":"https:\/\/www.fullstory-media.com\/journalistik\/?s={search_term_string}"},"query-input":{"@type":"PropertyValueSpecification","valueRequired":true,"valueName":"search_term_string"}}],"inLanguage":"sv-SE"}]}},"_links":{"self":[{"href":"https:\/\/www.fullstory-media.com\/journalistik\/wp-json\/wp\/v2\/pages\/25","targetHints":{"allow":["GET"]}}],"collection":[{"href":"https:\/\/www.fullstory-media.com\/journalistik\/wp-json\/wp\/v2\/pages"}],"about":[{"href":"https:\/\/www.fullstory-media.com\/journalistik\/wp-json\/wp\/v2\/types\/page"}],"author":[{"embeddable":true,"href":"https:\/\/www.fullstory-media.com\/journalistik\/wp-json\/wp\/v2\/users\/1"}],"replies":[{"embeddable":true,"href":"https:\/\/www.fullstory-media.com\/journalistik\/wp-json\/wp\/v2\/comments?post=25"}],"version-history":[{"count":16,"href":"https:\/\/www.fullstory-media.com\/journalistik\/wp-json\/wp\/v2\/pages\/25\/revisions"}],"predecessor-version":[{"id":933,"href":"https:\/\/www.fullstory-media.com\/journalistik\/wp-json\/wp\/v2\/pages\/25\/revisions\/933"}],"wp:attachment":[{"href":"https:\/\/www.fullstory-media.com\/journalistik\/wp-json\/wp\/v2\/media?parent=25"}],"curies":[{"name":"wp","href":"https:\/\/api.w.org\/{rel}","templated":true}]}}