{"id":22,"date":"2021-04-16T15:33:55","date_gmt":"2021-04-16T13:33:55","guid":{"rendered":"https:\/\/www.fullstory-media.com\/journalistik\/?page_id=22"},"modified":"2025-03-06T12:37:45","modified_gmt":"2025-03-06T11:37:45","slug":"tjanster","status":"publish","type":"page","link":"https:\/\/www.fullstory-media.com\/journalistik\/tjanster\/","title":{"rendered":"Tj\u00e4nster"},"content":{"rendered":"[et_pb_section fb_built=&#8221;1&#8243; admin_label=&#8221;Intro med h2:a&#8221; _builder_version=&#8221;4.16&#8243; _module_preset=&#8221;default&#8221; background_enable_color=&#8221;off&#8221; custom_padding=&#8221;||6px|||&#8221; saved_tabs=&#8221;all&#8221; locked=&#8221;off&#8221; global_colors_info=&#8221;{}&#8221;][et_pb_row _builder_version=&#8221;4.16&#8243; _module_preset=&#8221;default&#8221; max_width=&#8221;600px&#8221; module_alignment=&#8221;center&#8221; global_colors_info=&#8221;{}&#8221;][et_pb_column type=&#8221;4_4&#8243; _builder_version=&#8221;4.16&#8243; _module_preset=&#8221;default&#8221; global_colors_info=&#8221;{}&#8221;][et_pb_text _builder_version=&#8221;4.27.4&#8243; _module_preset=&#8221;default&#8221; text_orientation=&#8221;justified&#8221; hover_enabled=&#8221;0&#8243; global_colors_info=&#8221;{}&#8221; sticky_enabled=&#8221;0&#8243;]\n<p>Beh\u00f6ver du en sj\u00e4lvg\u00e5ende, flexibel, effektiv journalist som kan leverera snabbt? Jag har m\u00e5nga \u00e5rs erfarenhet av att jobba med kunder s\u00e5som <a href=\"http:\/\/svt.se\">SVT<\/a>, <a href=\"http:\/\/washingtonpost.com\">Washington Post<\/a>, <a href=\"http:\/\/aljazeera.com\">Al Jazeera<\/a>, ETC och Sveriges radio P1. Jag jobbar lika g\u00e4rna med nyheter, gr\u00e4vande journalistik som features och l\u00e4ngre dokument\u00e4ra format. Oavsett om du beh\u00f6ver fen ilmare, videograf, skribent, reporter, fotograf, researcher eller en annan typ av kameleont h\u00f6r av er.<\/p>\n[\/et_pb_text][\/et_pb_column][\/et_pb_row][\/et_pb_section][et_pb_section fb_built=&#8221;1&#8243; admin_label=&#8221;Puffar&#8221; module_class=&#8221;home-blurbs&#8221; _builder_version=&#8221;4.16&#8243; _module_preset=&#8221;default&#8221; custom_padding=&#8221;50px|||||&#8221; locked=&#8221;off&#8221; global_colors_info=&#8221;{}&#8221;][et_pb_row column_structure=&#8221;1_3,1_3,1_3&#8243; use_custom_gutter=&#8221;on&#8221; gutter_width=&#8221;3&#8243; make_equal=&#8221;on&#8221; _builder_version=&#8221;4.16&#8243; _module_preset=&#8221;default&#8221; global_colors_info=&#8221;{}&#8221;][et_pb_column type=&#8221;1_3&#8243; _builder_version=&#8221;4.16&#8243; _module_preset=&#8221;default&#8221; global_colors_info=&#8221;{}&#8221;][et_pb_blurb title=&#8221;Video&#8221; image=&#8221;https:\/\/www.fullstory-media.com\/journalistik\/wp-content\/uploads\/sites\/3\/2021\/05\/A-M-filmar2.png&#8221; _builder_version=&#8221;4.16&#8243; _module_preset=&#8221;default&#8221; header_text_align=&#8221;center&#8221; text_orientation=&#8221;justified&#8221; global_colors_info=&#8221;{}&#8221;]\n<p>\u00c4r film det b\u00e4sta mediet f\u00f6r att ber\u00e4tta historien? Jag filmar, redigerar, intervjuar, tar hand om ljuss\u00e4ttning och f\u00e5ngar k\u00e4rnan. Och om du vill kan du fokusera p\u00e5 intervjun eller historien och annars fixar jag den biten ocks\u00e5.<\/p>\n[\/et_pb_blurb][et_pb_button button_url=&#8221;\/journalistik\/kontakt\/&#8221; button_text=&#8221;Kontakt&#8221; button_alignment=&#8221;center&#8221; module_class=&#8221;read-more&#8221; _builder_version=&#8221;4.16&#8243; _module_preset=&#8221;default&#8221; custom_margin=&#8221;||40px||false|false&#8221; locked=&#8221;off&#8221; global_colors_info=&#8221;{}&#8221;][\/et_pb_button][\/et_pb_column][et_pb_column type=&#8221;1_3&#8243; _builder_version=&#8221;4.16&#8243; _module_preset=&#8221;default&#8221; global_colors_info=&#8221;{}&#8221;][et_pb_blurb title=&#8221;Journalist | Researcher&#8221; image=&#8221;https:\/\/www.fullstory-media.com\/journalistik\/wp-content\/uploads\/sites\/3\/2021\/05\/Pennor.png&#8221; _builder_version=&#8221;4.16&#8243; _module_preset=&#8221;default&#8221; header_text_align=&#8221;center&#8221; text_orientation=&#8221;justified&#8221; global_colors_info=&#8221;{}&#8221;]\n<p>S\u00f6ker du en journalist som kan presentera information p\u00e5 ett enkelt och informativt s\u00e4tt utan slang och sv\u00e5r terminologi? Beh\u00f6ver du n\u00e5gon som g\u00f6r din research och gr\u00e4ver p\u00e5 djupet? Jag jobbar s\u00e5v\u00e4l samman i ett projekt som sj\u00e4lv. H\u00f6r av dig s\u00e5 pratar vi ihop oss.<\/p>\n[\/et_pb_blurb][et_pb_button button_url=&#8221;\/journalistik\/kontakt\/&#8221; button_text=&#8221;Kontakt&#8221; button_alignment=&#8221;center&#8221; module_class=&#8221;read-more&#8221; _builder_version=&#8221;4.16&#8243; _module_preset=&#8221;default&#8221; custom_margin=&#8221;||40px||false|false&#8221; locked=&#8221;off&#8221; global_colors_info=&#8221;{}&#8221;][\/et_pb_button][\/et_pb_column][et_pb_column type=&#8221;1_3&#8243; _builder_version=&#8221;4.16&#8243; _module_preset=&#8221;default&#8221; global_colors_info=&#8221;{}&#8221;][et_pb_blurb title=&#8221;Fotografi&#8221; image=&#8221;https:\/\/www.fullstory-media.com\/journalistik\/wp-content\/uploads\/sites\/3\/2021\/05\/A-M-fotograferar.png&#8221; _builder_version=&#8221;4.16&#8243; _module_preset=&#8221;default&#8221; header_text_align=&#8221;center&#8221; text_orientation=&#8221;justified&#8221; link_option_url=&#8221;https:\/\/www.fullstory-media.com\/marknadsforing\/cases\/?lang=en&#8221; global_colors_info=&#8221;{}&#8221;]\n<p>S\u00f6ker du en sj\u00e4lvg\u00e5ende fotograf som tar de spontana bilderna eller personportr\u00e4ttet som medf\u00f6ljer din intervju? Har du en helt annan ide eller vill ha hj\u00e4lp med utf\u00f6randet? Oavsett situation hj\u00e4lper jag till.<\/p>\n[\/et_pb_blurb][et_pb_button button_url=&#8221;\/journalistik\/kontakt\/&#8221; button_text=&#8221;Kontakt&#8221; button_alignment=&#8221;center&#8221; module_class=&#8221;read-more&#8221; _builder_version=&#8221;4.16&#8243; _module_preset=&#8221;default&#8221; custom_margin=&#8221;||40px||false|false&#8221; locked=&#8221;off&#8221; global_colors_info=&#8221;{}&#8221;][\/et_pb_button][\/et_pb_column][\/et_pb_row][et_pb_row column_structure=&#8221;1_3,1_3,1_3&#8243; use_custom_gutter=&#8221;on&#8221; gutter_width=&#8221;3&#8243; make_equal=&#8221;on&#8221; _builder_version=&#8221;4.16&#8243; _module_preset=&#8221;default&#8221; global_colors_info=&#8221;{}&#8221;][et_pb_column type=&#8221;1_3&#8243; _builder_version=&#8221;4.16&#8243; _module_preset=&#8221;default&#8221; global_colors_info=&#8221;{}&#8221;][\/et_pb_column][et_pb_column type=&#8221;1_3&#8243; _builder_version=&#8221;4.16&#8243; _module_preset=&#8221;default&#8221; global_colors_info=&#8221;{}&#8221;][\/et_pb_column][et_pb_column type=&#8221;1_3&#8243; _builder_version=&#8221;4.16&#8243; _module_preset=&#8221;default&#8221; global_colors_info=&#8221;{}&#8221;][\/et_pb_column][\/et_pb_row][\/et_pb_section][et_pb_section fb_built=&#8221;1&#8243; admin_label=&#8221;CTA&#8221; _builder_version=&#8221;4.16&#8243; _module_preset=&#8221;default&#8221; use_background_color_gradient=&#8221;on&#8221; background_color_gradient_stops=&#8221;rgba(0,0,0,0.92) 0%|rgba(0,0,0,0.92) 100%&#8221; background_color_gradient_overlays_image=&#8221;on&#8221; background_color_gradient_start=&#8221;rgba(0,0,0,0.92)&#8221; background_color_gradient_end=&#8221;rgba(0,0,0,0.92)&#8221; background_enable_image=&#8221;off&#8221; background_video_mp4=&#8221;https:\/\/www.fullstory-media.com\/marknadsforing\/wp-content\/uploads\/sites\/2\/2021\/05\/road-720-fast.mp4&#8243; locked=&#8221;off&#8221; global_colors_info=&#8221;{}&#8221;][et_pb_row _builder_version=&#8221;4.16&#8243; _module_preset=&#8221;default&#8221; max_width=&#8221;600px&#8221; max_width_tablet=&#8221;480px&#8221; max_width_phone=&#8221;92%&#8221; max_width_last_edited=&#8221;on|phone&#8221; module_alignment=&#8221;center&#8221; global_colors_info=&#8221;{}&#8221;][et_pb_column type=&#8221;4_4&#8243; _builder_version=&#8221;4.16&#8243; _module_preset=&#8221;default&#8221; global_colors_info=&#8221;{}&#8221;][et_pb_text _builder_version=&#8221;4.16&#8243; _module_preset=&#8221;default&#8221; text_orientation=&#8221;center&#8221; background_layout=&#8221;dark&#8221; global_colors_info=&#8221;{}&#8221;]\n<h3>Kontakta mig<\/h3>\n<p>Ibland \u00e4r det br\u00e5ttom och ibland m\u00e5ste du planera fram\u00e5t.<br \/>\nOavsett situation &#8211; h\u00f6r av dig.[\/et_pb_text][et_pb_button button_url=&#8221;\/journalistik\/kontakt\/&#8221; button_text=&#8221;Kontakt&#8221; button_alignment=&#8221;center&#8221; module_class=&#8221;read-more-white&#8221; _builder_version=&#8221;4.16&#8243; _module_preset=&#8221;default&#8221; global_colors_info=&#8221;{}&#8221;][\/et_pb_button][\/et_pb_column][\/et_pb_row][\/et_pb_section]\n","protected":false},"excerpt":{"rendered":"<p>Beh\u00f6ver du en sj\u00e4lvg\u00e5ende, flexibel, effektiv journalist som kan leverera snabbt? Jag har m\u00e5nga \u00e5rs erfarenhet av att jobba med kunder s\u00e5som SVT, Washington Post, Al Jazeera, ETC och Sveriges radio P1. Jag jobbar lika g\u00e4rna med nyheter, gr\u00e4vande journalistik som features och l\u00e4ngre dokument\u00e4ra format. Oavsett om du beh\u00f6ver fen ilmare, videograf, skribent, reporter, [&hellip;]<\/p>\n","protected":false},"author":1,"featured_media":224,"parent":0,"menu_order":0,"comment_status":"closed","ping_status":"closed","template":"","meta":{"_et_pb_use_builder":"on","_et_pb_old_content":"","_et_gb_content_width":"","footnotes":""},"class_list":["post-22","page","type-page","status-publish","has-post-thumbnail","hentry"],"yoast_head":"<!-- This site is optimized with the Yoast SEO plugin v27.5 - https:\/\/yoast.com\/product\/yoast-seo-wordpress\/ -->\n<title>Journalist med bas i Malm\u00f6 och Amsterdam | Full Story Media<\/title>\n<meta name=\"description\" content=\"Journalist med kunder s\u00e5som SVT, Washington Post, Al Jazeera. Det g\u00f6r att du kan lita p\u00e5 ett resultat av h\u00f6g kvalitet i text, bild och video.\" \/>\n<meta name=\"robots\" content=\"index, follow, max-snippet:-1, max-image-preview:large, max-video-preview:-1\" \/>\n<link rel=\"canonical\" href=\"https:\/\/www.fullstory-media.com\/journalistik\/tjanster\/\" \/>\n<meta property=\"og:locale\" content=\"sv_SE\" \/>\n<meta property=\"og:type\" content=\"article\" \/>\n<meta property=\"og:title\" content=\"Journalist med bas i Malm\u00f6 och Amsterdam | Full Story Media\" \/>\n<meta property=\"og:description\" content=\"Journalist med kunder s\u00e5som SVT, Washington Post, Al Jazeera. Det g\u00f6r att du kan lita p\u00e5 ett resultat av h\u00f6g kvalitet i text, bild och video.\" \/>\n<meta property=\"og:url\" content=\"https:\/\/www.fullstory-media.com\/journalistik\/tjanster\/\" \/>\n<meta property=\"og:site_name\" content=\"Journalistik\" \/>\n<meta property=\"article:modified_time\" content=\"2025-03-06T11:37:45+00:00\" \/>\n<meta property=\"og:image\" content=\"https:\/\/www.fullstory-media.com\/journalistik\/wp-content\/uploads\/sites\/3\/2021\/05\/A-M-filmar2.png\" \/>\n\t<meta property=\"og:image:width\" content=\"550\" \/>\n\t<meta property=\"og:image:height\" content=\"342\" \/>\n\t<meta property=\"og:image:type\" content=\"image\/png\" \/>\n<meta name=\"twitter:card\" content=\"summary_large_image\" \/>\n<meta name=\"twitter:label1\" content=\"Ber\u00e4knad l\u00e4stid\" \/>\n\t<meta name=\"twitter:data1\" content=\"2 minuter\" \/>\n<script type=\"application\/ld+json\" class=\"yoast-schema-graph\">{\"@context\":\"https:\\\/\\\/schema.org\",\"@graph\":[{\"@type\":\"WebPage\",\"@id\":\"https:\\\/\\\/www.fullstory-media.com\\\/journalistik\\\/tjanster\\\/\",\"url\":\"https:\\\/\\\/www.fullstory-media.com\\\/journalistik\\\/tjanster\\\/\",\"name\":\"Journalist med bas i Malm\u00f6 och Amsterdam | Full Story Media\",\"isPartOf\":{\"@id\":\"https:\\\/\\\/www.fullstory-media.com\\\/journalistik\\\/#website\"},\"primaryImageOfPage\":{\"@id\":\"https:\\\/\\\/www.fullstory-media.com\\\/journalistik\\\/tjanster\\\/#primaryimage\"},\"image\":{\"@id\":\"https:\\\/\\\/www.fullstory-media.com\\\/journalistik\\\/tjanster\\\/#primaryimage\"},\"thumbnailUrl\":\"https:\\\/\\\/www.fullstory-media.com\\\/journalistik\\\/wp-content\\\/uploads\\\/sites\\\/3\\\/2021\\\/05\\\/A-M-filmar2.png\",\"datePublished\":\"2021-04-16T13:33:55+00:00\",\"dateModified\":\"2025-03-06T11:37:45+00:00\",\"description\":\"Journalist med kunder s\u00e5som SVT, Washington Post, Al Jazeera. Det g\u00f6r att du kan lita p\u00e5 ett resultat av h\u00f6g kvalitet i text, bild och video.\",\"breadcrumb\":{\"@id\":\"https:\\\/\\\/www.fullstory-media.com\\\/journalistik\\\/tjanster\\\/#breadcrumb\"},\"inLanguage\":\"sv-SE\",\"potentialAction\":[{\"@type\":\"ReadAction\",\"target\":[\"https:\\\/\\\/www.fullstory-media.com\\\/journalistik\\\/tjanster\\\/\"]}]},{\"@type\":\"ImageObject\",\"inLanguage\":\"sv-SE\",\"@id\":\"https:\\\/\\\/www.fullstory-media.com\\\/journalistik\\\/tjanster\\\/#primaryimage\",\"url\":\"https:\\\/\\\/www.fullstory-media.com\\\/journalistik\\\/wp-content\\\/uploads\\\/sites\\\/3\\\/2021\\\/05\\\/A-M-filmar2.png\",\"contentUrl\":\"https:\\\/\\\/www.fullstory-media.com\\\/journalistik\\\/wp-content\\\/uploads\\\/sites\\\/3\\\/2021\\\/05\\\/A-M-filmar2.png\",\"width\":550,\"height\":342,\"caption\":\"Journalist som jobbar i text, bild och video - Full Story Media\"},{\"@type\":\"BreadcrumbList\",\"@id\":\"https:\\\/\\\/www.fullstory-media.com\\\/journalistik\\\/tjanster\\\/#breadcrumb\",\"itemListElement\":[{\"@type\":\"ListItem\",\"position\":1,\"name\":\"Home\",\"item\":\"https:\\\/\\\/www.fullstory-media.com\\\/journalistik\\\/\"},{\"@type\":\"ListItem\",\"position\":2,\"name\":\"Tj\u00e4nster\"}]},{\"@type\":\"WebSite\",\"@id\":\"https:\\\/\\\/www.fullstory-media.com\\\/journalistik\\\/#website\",\"url\":\"https:\\\/\\\/www.fullstory-media.com\\\/journalistik\\\/\",\"name\":\"Journalistik\",\"description\":\"\u00c4nnu en webbplats hos Full Story Media-webbplatser\",\"potentialAction\":[{\"@type\":\"SearchAction\",\"target\":{\"@type\":\"EntryPoint\",\"urlTemplate\":\"https:\\\/\\\/www.fullstory-media.com\\\/journalistik\\\/?s={search_term_string}\"},\"query-input\":{\"@type\":\"PropertyValueSpecification\",\"valueRequired\":true,\"valueName\":\"search_term_string\"}}],\"inLanguage\":\"sv-SE\"}]}<\/script>\n<!-- \/ Yoast SEO plugin. -->","yoast_head_json":{"title":"Journalist med bas i Malm\u00f6 och Amsterdam | Full Story Media","description":"Journalist med kunder s\u00e5som SVT, Washington Post, Al Jazeera. Det g\u00f6r att du kan lita p\u00e5 ett resultat av h\u00f6g kvalitet i text, bild och video.","robots":{"index":"index","follow":"follow","max-snippet":"max-snippet:-1","max-image-preview":"max-image-preview:large","max-video-preview":"max-video-preview:-1"},"canonical":"https:\/\/www.fullstory-media.com\/journalistik\/tjanster\/","og_locale":"sv_SE","og_type":"article","og_title":"Journalist med bas i Malm\u00f6 och Amsterdam | Full Story Media","og_description":"Journalist med kunder s\u00e5som SVT, Washington Post, Al Jazeera. Det g\u00f6r att du kan lita p\u00e5 ett resultat av h\u00f6g kvalitet i text, bild och video.","og_url":"https:\/\/www.fullstory-media.com\/journalistik\/tjanster\/","og_site_name":"Journalistik","article_modified_time":"2025-03-06T11:37:45+00:00","og_image":[{"width":550,"height":342,"url":"https:\/\/www.fullstory-media.com\/journalistik\/wp-content\/uploads\/sites\/3\/2021\/05\/A-M-filmar2.png","type":"image\/png"}],"twitter_card":"summary_large_image","twitter_misc":{"Ber\u00e4knad l\u00e4stid":"2 minuter"},"schema":{"@context":"https:\/\/schema.org","@graph":[{"@type":"WebPage","@id":"https:\/\/www.fullstory-media.com\/journalistik\/tjanster\/","url":"https:\/\/www.fullstory-media.com\/journalistik\/tjanster\/","name":"Journalist med bas i Malm\u00f6 och Amsterdam | Full Story Media","isPartOf":{"@id":"https:\/\/www.fullstory-media.com\/journalistik\/#website"},"primaryImageOfPage":{"@id":"https:\/\/www.fullstory-media.com\/journalistik\/tjanster\/#primaryimage"},"image":{"@id":"https:\/\/www.fullstory-media.com\/journalistik\/tjanster\/#primaryimage"},"thumbnailUrl":"https:\/\/www.fullstory-media.com\/journalistik\/wp-content\/uploads\/sites\/3\/2021\/05\/A-M-filmar2.png","datePublished":"2021-04-16T13:33:55+00:00","dateModified":"2025-03-06T11:37:45+00:00","description":"Journalist med kunder s\u00e5som SVT, Washington Post, Al Jazeera. Det g\u00f6r att du kan lita p\u00e5 ett resultat av h\u00f6g kvalitet i text, bild och video.","breadcrumb":{"@id":"https:\/\/www.fullstory-media.com\/journalistik\/tjanster\/#breadcrumb"},"inLanguage":"sv-SE","potentialAction":[{"@type":"ReadAction","target":["https:\/\/www.fullstory-media.com\/journalistik\/tjanster\/"]}]},{"@type":"ImageObject","inLanguage":"sv-SE","@id":"https:\/\/www.fullstory-media.com\/journalistik\/tjanster\/#primaryimage","url":"https:\/\/www.fullstory-media.com\/journalistik\/wp-content\/uploads\/sites\/3\/2021\/05\/A-M-filmar2.png","contentUrl":"https:\/\/www.fullstory-media.com\/journalistik\/wp-content\/uploads\/sites\/3\/2021\/05\/A-M-filmar2.png","width":550,"height":342,"caption":"Journalist som jobbar i text, bild och video - Full Story Media"},{"@type":"BreadcrumbList","@id":"https:\/\/www.fullstory-media.com\/journalistik\/tjanster\/#breadcrumb","itemListElement":[{"@type":"ListItem","position":1,"name":"Home","item":"https:\/\/www.fullstory-media.com\/journalistik\/"},{"@type":"ListItem","position":2,"name":"Tj\u00e4nster"}]},{"@type":"WebSite","@id":"https:\/\/www.fullstory-media.com\/journalistik\/#website","url":"https:\/\/www.fullstory-media.com\/journalistik\/","name":"Journalistik","description":"\u00c4nnu en webbplats hos Full Story Media-webbplatser","potentialAction":[{"@type":"SearchAction","target":{"@type":"EntryPoint","urlTemplate":"https:\/\/www.fullstory-media.com\/journalistik\/?s={search_term_string}"},"query-input":{"@type":"PropertyValueSpecification","valueRequired":true,"valueName":"search_term_string"}}],"inLanguage":"sv-SE"}]}},"_links":{"self":[{"href":"https:\/\/www.fullstory-media.com\/journalistik\/wp-json\/wp\/v2\/pages\/22","targetHints":{"allow":["GET"]}}],"collection":[{"href":"https:\/\/www.fullstory-media.com\/journalistik\/wp-json\/wp\/v2\/pages"}],"about":[{"href":"https:\/\/www.fullstory-media.com\/journalistik\/wp-json\/wp\/v2\/types\/page"}],"author":[{"embeddable":true,"href":"https:\/\/www.fullstory-media.com\/journalistik\/wp-json\/wp\/v2\/users\/1"}],"replies":[{"embeddable":true,"href":"https:\/\/www.fullstory-media.com\/journalistik\/wp-json\/wp\/v2\/comments?post=22"}],"version-history":[{"count":23,"href":"https:\/\/www.fullstory-media.com\/journalistik\/wp-json\/wp\/v2\/pages\/22\/revisions"}],"predecessor-version":[{"id":1050,"href":"https:\/\/www.fullstory-media.com\/journalistik\/wp-json\/wp\/v2\/pages\/22\/revisions\/1050"}],"wp:featuredmedia":[{"embeddable":true,"href":"https:\/\/www.fullstory-media.com\/journalistik\/wp-json\/wp\/v2\/media\/224"}],"wp:attachment":[{"href":"https:\/\/www.fullstory-media.com\/journalistik\/wp-json\/wp\/v2\/media?parent=22"}],"curies":[{"name":"wp","href":"https:\/\/api.w.org\/{rel}","templated":true}]}}