{"id":19,"date":"2021-04-16T15:33:24","date_gmt":"2021-04-16T13:33:24","guid":{"rendered":"https:\/\/www.fullstory-media.com\/journalistik\/?page_id=19"},"modified":"2025-03-06T12:34:44","modified_gmt":"2025-03-06T11:34:44","slug":"uppdrag","status":"publish","type":"page","link":"https:\/\/www.fullstory-media.com\/journalistik\/uppdrag\/","title":{"rendered":"Uppdrag"},"content":{"rendered":"[et_pb_section fb_built=&#8221;1&#8243; admin_label=&#8221;Intro med h2:a&#8221; _builder_version=&#8221;4.16&#8243; _module_preset=&#8221;default&#8221; background_enable_color=&#8221;off&#8221; custom_padding=&#8221;||6px|||&#8221; global_colors_info=&#8221;{}&#8221;][et_pb_row _builder_version=&#8221;4.16&#8243; _module_preset=&#8221;default&#8221; max_width=&#8221;600px&#8221; module_alignment=&#8221;center&#8221; global_colors_info=&#8221;{}&#8221;][et_pb_column type=&#8221;4_4&#8243; _builder_version=&#8221;4.16&#8243; _module_preset=&#8221;default&#8221; global_colors_info=&#8221;{}&#8221;][et_pb_text _builder_version=&#8221;4.27.4&#8243; _module_preset=&#8221;default&#8221; text_orientation=&#8221;justified&#8221; global_colors_info=&#8221;{}&#8221;]\n<h1 style=\"text-align: center;\">Mina uppdrag som frilansjournalist<\/h1>\n<p>Som frilansjournalist med bas i Malm\u00f6 och Amsterdam jobbar jag i text, bild och video. P\u00e5 tre spr\u00e5k (Svenska, Engelska, Nederl\u00e4ndska) skildrar jag livs\u00f6den, historier, situationer och m\u00e4nskliga utmaningar. Uppdragsgivare \u00e4r m\u00e5nga men nedan ser du n\u00e5gra uppdrag f\u00f6r Washington Post, Al Jazeera, Goldman environmental prize, SVT, ETC och Omv\u00e4rlden.<\/p>\n[\/et_pb_text][\/et_pb_column][\/et_pb_row][\/et_pb_section][et_pb_section fb_built=&#8221;1&#8243; admin_label=&#8221;Puffar&#8221; module_class=&#8221;cases-blurbs&#8221; _builder_version=&#8221;4.16&#8243; _module_preset=&#8221;default&#8221; custom_padding=&#8221;50px|||||&#8221; global_colors_info=&#8221;{}&#8221;][et_pb_row column_structure=&#8221;3_5,2_5&#8243; use_custom_gutter=&#8221;on&#8221; gutter_width=&#8221;3&#8243; make_equal=&#8221;on&#8221; admin_label=&#8221;Washington Post&#8221; _builder_version=&#8221;4.16&#8243; _module_preset=&#8221;default&#8221; custom_margin=&#8221;||0px||false|false&#8221; custom_padding=&#8221;||0px||false|false&#8221; collapsed=&#8221;off&#8221; global_colors_info=&#8221;{}&#8221;][et_pb_column type=&#8221;3_5&#8243; _builder_version=&#8221;4.16&#8243; _module_preset=&#8221;default&#8221; global_colors_info=&#8221;{}&#8221;][et_pb_code _builder_version=&#8221;4.16&#8243; _module_preset=&#8221;default&#8221; global_colors_info=&#8221;{}&#8221;]<iframe loading=\"lazy\" src=\"https:\/\/player.vimeo.com\/video\/220793744?texttrack=en-US&#038;autoplay=1&#038;loop=1&#038;autopause=0&#038;muted=1=1&#038;quality=1080p\" width=\"640\" height=\"360\" frameborder=\"0\" allow=\"autoplay; fullscreen\" allowfullscreen><\/iframe>[\/et_pb_code][\/et_pb_column][et_pb_column type=&#8221;2_5&#8243; _builder_version=&#8221;4.16&#8243; _module_preset=&#8221;default&#8221; background_color=&#8221;#f9f9f9&#8243; custom_padding=&#8221;80px|80px|80px|80px|true|true&#8221; custom_padding_tablet=&#8221;40px|40px|40px|40px|true|true&#8221; custom_padding_phone=&#8221;20px|20px|20px|20px|true|true&#8221; custom_padding_last_edited=&#8221;on|tablet&#8221; global_colors_info=&#8221;{}&#8221;][et_pb_text _builder_version=&#8221;4.27.4&#8243; _module_preset=&#8221;default&#8221; text_orientation=&#8221;justified&#8221; hover_enabled=&#8221;0&#8243; text_orientation_tablet=&#8221;&#8221; text_orientation_phone=&#8221;justified&#8221; text_orientation_last_edited=&#8221;on|tablet&#8221; global_colors_info=&#8221;{}&#8221; sticky_enabled=&#8221;0&#8243;]\n<h2 style=\"text-align: center;\">H\u00f6gervridna partier och dess framsteg i Europa<\/h2>\n<p><strong>Uppdragsgivare<\/strong>: Washington Post<br \/><strong>Plats<\/strong>: Amsterdam<br \/>Om h\u00f6gervridna politiska partiers framsteg i Europa.<br \/><strong>Min roll:<\/strong> Videojournalist och researcher.<\/p>\n[\/et_pb_text][\/et_pb_column][\/et_pb_row][et_pb_row column_structure=&#8221;1_2,1_2&#8243; use_custom_gutter=&#8221;on&#8221; gutter_width=&#8221;3&#8243; make_equal=&#8221;on&#8221; admin_label=&#8221;ETC&#8221; _builder_version=&#8221;4.16&#8243; _module_preset=&#8221;default&#8221; collapsed=&#8221;off&#8221; global_colors_info=&#8221;{}&#8221;][et_pb_column type=&#8221;1_2&#8243; _builder_version=&#8221;4.16&#8243; _module_preset=&#8221;default&#8221; global_colors_info=&#8221;{}&#8221;][et_pb_image src=&#8221;https:\/\/www.fullstory-media.com\/journalistik\/wp-content\/uploads\/sites\/3\/2021\/05\/Krystal.png&#8221; alt=&#8221;Frilansjournalist med bas i Malm\u00f6 och Amsterdam&#8221; title_text=&#8221;Full Story Media&#8221; _builder_version=&#8221;4.16&#8243; _module_preset=&#8221;default&#8221; global_colors_info=&#8221;{}&#8221;][\/et_pb_image][\/et_pb_column][et_pb_column type=&#8221;1_2&#8243; _builder_version=&#8221;4.16&#8243; _module_preset=&#8221;default&#8221; background_color=&#8221;#f9f9f9&#8243; custom_padding=&#8221;80px|80px|80px|80px|true|true&#8221; custom_padding_tablet=&#8221;40px|40px|40px|40px|true|true&#8221; custom_padding_phone=&#8221;20px|20px|20px|20px|true|true&#8221; custom_padding_last_edited=&#8221;on|tablet&#8221; global_colors_info=&#8221;{}&#8221;][et_pb_text _builder_version=&#8221;4.27.4&#8243; _module_preset=&#8221;default&#8221; text_orientation=&#8221;justified&#8221; text_orientation_tablet=&#8221;&#8221; text_orientation_phone=&#8221;justified&#8221; text_orientation_last_edited=&#8221;on|phone&#8221; global_colors_info=&#8221;{}&#8221;]\n<h2 style=\"text-align: center;\">Jag vill bli en del av l\u00f6sningen<\/h2>\n<p><strong>Uppdragsgivare<\/strong>: ETC<br \/><strong>Plats<\/strong>: Malm\u00f6<br \/>Artikel om Goldman environmental prize vinnaren Krystal Ambrose.<br \/><strong>Min roll:<\/strong> Journalist och fotograf.<\/p>\n[\/et_pb_text][\/et_pb_column][\/et_pb_row][et_pb_row column_structure=&#8221;3_5,2_5&#8243; use_custom_gutter=&#8221;on&#8221; gutter_width=&#8221;3&#8243; make_equal=&#8221;on&#8221; admin_label=&#8221;Al Jazeera&#8221; _builder_version=&#8221;4.16&#8243; _module_preset=&#8221;default&#8221; collapsed=&#8221;off&#8221; global_colors_info=&#8221;{}&#8221;][et_pb_column type=&#8221;3_5&#8243; _builder_version=&#8221;4.16&#8243; _module_preset=&#8221;default&#8221; global_colors_info=&#8221;{}&#8221;][et_pb_code _builder_version=&#8221;4.16&#8243; _module_preset=&#8221;default&#8221; global_colors_info=&#8221;{}&#8221;]<iframe loading=\"lazy\" src=\"https:\/\/player.vimeo.com\/video\/105013864?autoplay=1&#038;loop=1&#038;autopause=0&#038;muted=1\" width=\"640\" height=\"360\" frameborder=\"0\" allow=\"autoplay; fullscreen\" allowfullscreen><\/iframe>[\/et_pb_code][\/et_pb_column][et_pb_column type=&#8221;2_5&#8243; _builder_version=&#8221;4.16&#8243; _module_preset=&#8221;default&#8221; background_color=&#8221;#f9f9f9&#8243; custom_padding=&#8221;80px|80px|80px|80px|true|true&#8221; custom_padding_tablet=&#8221;40px|40px|40px|40px|true|true&#8221; custom_padding_phone=&#8221;20px|20px|20px|20px|true|true&#8221; custom_padding_last_edited=&#8221;on|tablet&#8221; global_colors_info=&#8221;{}&#8221;][et_pb_text _builder_version=&#8221;4.27.4&#8243; _module_preset=&#8221;default&#8221; text_orientation=&#8221;justified&#8221; text_orientation_tablet=&#8221;&#8221; text_orientation_phone=&#8221;justified&#8221; text_orientation_last_edited=&#8221;on|desktop&#8221; global_colors_info=&#8221;{}&#8221;]\n<h2 style=\"text-align: center;\">Framtiden f\u00f6r fossilfri energi<\/h2>\n<p><strong>Uppdragsgivare<\/strong>: Al Jazeera<br \/><strong>Plats<\/strong>: Tyskland<br \/>Detta reportage handlar om solenergin och dess framtida roll och var en del av en l\u00e4ngre dokument\u00e4r som j\u00e4mf\u00f6rde k\u00e4rnkraft med fossilfri energi.<br \/><strong>Min roll:<\/strong> Videojournalist, producent och researcher.<\/p>\n[\/et_pb_text][\/et_pb_column][\/et_pb_row][et_pb_row column_structure=&#8221;1_2,1_2&#8243; use_custom_gutter=&#8221;on&#8221; gutter_width=&#8221;3&#8243; make_equal=&#8221;on&#8221; admin_label=&#8221;Uppdrag Granskning&#8221; _builder_version=&#8221;4.16&#8243; _module_preset=&#8221;default&#8221; collapsed=&#8221;off&#8221; global_colors_info=&#8221;{}&#8221;][et_pb_column type=&#8221;1_2&#8243; _builder_version=&#8221;4.16&#8243; _module_preset=&#8221;default&#8221; global_colors_info=&#8221;{}&#8221;][et_pb_image src=&#8221;https:\/\/www.fullstory-media.com\/journalistik\/wp-content\/uploads\/sites\/3\/2021\/05\/Wolf-1-scaled.jpg&#8221; alt=&#8221;Frilansjournalist uppdrag f\u00f6r Uppdrag granskning&#8221; title_text=&#8221;Wolf&#8221; force_fullwidth=&#8221;on&#8221; _builder_version=&#8221;4.16&#8243; _module_preset=&#8221;default&#8221; global_colors_info=&#8221;{}&#8221;][\/et_pb_image][\/et_pb_column][et_pb_column type=&#8221;1_2&#8243; _builder_version=&#8221;4.16&#8243; _module_preset=&#8221;default&#8221; background_color=&#8221;#f9f9f9&#8243; custom_padding=&#8221;80px|80px|80px|80px|true|true&#8221; custom_padding_tablet=&#8221;40px|40px|40px|40px|true|true&#8221; custom_padding_phone=&#8221;20px|20px|20px|20px|true|true&#8221; custom_padding_last_edited=&#8221;on|tablet&#8221; global_colors_info=&#8221;{}&#8221;][et_pb_text _builder_version=&#8221;4.27.4&#8243; _module_preset=&#8221;default&#8221; text_orientation=&#8221;justified&#8221; text_orientation_tablet=&#8221;&#8221; text_orientation_phone=&#8221;justified&#8221; text_orientation_last_edited=&#8221;on|phone&#8221; global_colors_info=&#8221;{}&#8221;]\n<h2 style=\"text-align: center;\">Illegal jakt p\u00e5 vargar<\/h2>\n<p><strong>Uppdragsgivare<\/strong>: Uppdrag Granskning, SVT<br \/><strong>Plats<\/strong>: G\u00f6teborg. Jag reste ocks\u00e5 runt i norra Sverige f\u00f6r att samla in mer information.<br \/>Dokument\u00e4ren handlade om illegal tjuvjakt och djurpl\u00e5geri av vargar. Jag gjorde ocks\u00e5 en st\u00f6rre kartl\u00e4ggning vargflocken i Skandinavien.<br \/><strong>Min roll:<\/strong> Researcher.<br \/><strong>Hederspris:<\/strong> Fick hedersomn\u00e4mnande f\u00f6r min kartl\u00e4ggning av vargflocken det \u00e5ret, Priset delas ut av Milj\u00f6journalisternas f\u00f6rening i Sverige.<\/p>\n[\/et_pb_text][\/et_pb_column][\/et_pb_row][et_pb_row column_structure=&#8221;2_5,3_5&#8243; use_custom_gutter=&#8221;on&#8221; gutter_width=&#8221;3&#8243; make_equal=&#8221;on&#8221; admin_label=&#8221;National geographic channel&#8221; _builder_version=&#8221;4.16&#8243; _module_preset=&#8221;default&#8221; collapsed=&#8221;off&#8221; global_colors_info=&#8221;{}&#8221;][et_pb_column type=&#8221;2_5&#8243; _builder_version=&#8221;4.16&#8243; _module_preset=&#8221;default&#8221; background_image=&#8221;https:\/\/www.fullstory-media.com\/journalistik\/wp-content\/uploads\/sites\/3\/2021\/05\/National-geographic-channel.jpeg&#8221; background_last_edited=&#8221;on|desktop&#8221; background_enable_image_phone=&#8221;off&#8221; global_colors_info=&#8221;{}&#8221;][et_pb_image src=&#8221;https:\/\/www.fullstory-media.com\/journalistik\/wp-content\/uploads\/sites\/3\/2021\/05\/National-geographic-channel.jpeg&#8221; title_text=&#8221;National geographic channel&#8221; disabled_on=&#8221;off|on|on&#8221; _builder_version=&#8221;4.16&#8243; _module_preset=&#8221;default&#8221; global_colors_info=&#8221;{}&#8221;][\/et_pb_image][\/et_pb_column][et_pb_column type=&#8221;3_5&#8243; _builder_version=&#8221;4.16&#8243; _module_preset=&#8221;default&#8221; background_color=&#8221;#f9f9f9&#8243; custom_padding=&#8221;80px|80px|80px|80px|true|true&#8221; custom_padding_tablet=&#8221;40px|40px|40px|40px|true|true&#8221; custom_padding_phone=&#8221;20px|20px|20px|20px|true|true&#8221; custom_padding_last_edited=&#8221;on|tablet&#8221; global_colors_info=&#8221;{}&#8221;][et_pb_text _builder_version=&#8221;4.27.4&#8243; _module_preset=&#8221;default&#8221; text_orientation=&#8221;justified&#8221; text_orientation_tablet=&#8221;&#8221; text_orientation_phone=&#8221;justified&#8221; text_orientation_last_edited=&#8221;on|phone&#8221; global_colors_info=&#8221;{}&#8221;]\n<h2 style=\"text-align: center;\">Turist i Amsterdam<\/h2>\n<p><strong>Uppdragsgivare:<\/strong> National Geographic channel U.K.<br \/><strong>Plats<\/strong>: Amsterdam<br \/>Jag gjorde research f\u00f6r reseprogram om Amsterdam. Mitt fokus l\u00e5g p\u00e5 att unders\u00f6ka droghandeln och att belysa hur s\u00e4ker du \u00e4r som turist i Amsterdam.<br \/><strong>Min roll:<\/strong> Researcher.<\/p>\n[\/et_pb_text][\/et_pb_column][\/et_pb_row][et_pb_row column_structure=&#8221;1_2,1_2&#8243; use_custom_gutter=&#8221;on&#8221; gutter_width=&#8221;3&#8243; make_equal=&#8221;on&#8221; admin_label=&#8221;Zoomin.tv&#8221; _builder_version=&#8221;4.16&#8243; _module_preset=&#8221;default&#8221; collapsed=&#8221;off&#8221; global_colors_info=&#8221;{}&#8221;][et_pb_column type=&#8221;1_2&#8243; _builder_version=&#8221;4.16&#8243; _module_preset=&#8221;default&#8221; global_colors_info=&#8221;{}&#8221;][et_pb_image src=&#8221;https:\/\/www.fullstory-media.com\/journalistik\/wp-content\/uploads\/sites\/3\/2021\/05\/Zoomin.tv_.png&#8221; title_text=&#8221;Zoomin.tv&#8221; url=&#8221;http:\/\/zoomin.tv\/video\/#!s\/nld_nl\/WK\/743261&#8243; force_fullwidth=&#8221;on&#8221; _builder_version=&#8221;4.16&#8243; _module_preset=&#8221;default&#8221; background_enable_video_webm=&#8221;off&#8221; global_colors_info=&#8221;{}&#8221;][\/et_pb_image][\/et_pb_column][et_pb_column type=&#8221;1_2&#8243; _builder_version=&#8221;4.16&#8243; _module_preset=&#8221;default&#8221; background_color=&#8221;#f9f9f9&#8243; custom_padding=&#8221;80px|80px|80px|80px|true|true&#8221; custom_padding_tablet=&#8221;40px|40px|40px|40px|true|true&#8221; custom_padding_phone=&#8221;20px|20px|20px|20px|true|true&#8221; custom_padding_last_edited=&#8221;on|tablet&#8221; global_colors_info=&#8221;{}&#8221;][et_pb_text _builder_version=&#8221;4.27.4&#8243; _module_preset=&#8221;default&#8221; text_orientation=&#8221;justified&#8221; text_orientation_tablet=&#8221;&#8221; text_orientation_phone=&#8221;justified&#8221; text_orientation_last_edited=&#8221;on|phone&#8221; global_colors_info=&#8221;{}&#8221;]\n<h2 style=\"text-align: center;\">VM i fotboll i miniformat<\/h2>\n<p><strong>Uppdragsgivare<\/strong>: Zoomin.tv<br \/><strong>Plats<\/strong>: Amsterdam<br \/>Video feature om mini-v\u00e4rldsm\u00e4sterskap i fotboll i Amsterdam.<br \/><strong>Min roll:<\/strong> Videojournalist, producent, journalist och redigerare.<\/p>\n[\/et_pb_text][\/et_pb_column][\/et_pb_row][et_pb_row column_structure=&#8221;1_2,1_2&#8243; use_custom_gutter=&#8221;on&#8221; gutter_width=&#8221;3&#8243; make_equal=&#8221;on&#8221; admin_label=&#8221;ETC bordell&#8221; _builder_version=&#8221;4.16&#8243; _module_preset=&#8221;default&#8221; locked=&#8221;off&#8221; collapsed=&#8221;off&#8221; global_colors_info=&#8221;{}&#8221;][et_pb_column type=&#8221;1_2&#8243; _builder_version=&#8221;4.16&#8243; _module_preset=&#8221;default&#8221; global_colors_info=&#8221;{}&#8221;][et_pb_image src=&#8221;https:\/\/www.fullstory-media.com\/journalistik\/wp-content\/uploads\/sites\/3\/2021\/05\/ETC-liten.jpg&#8221; title_text=&#8221;ETC-liten&#8221; _builder_version=&#8221;4.16&#8243; _module_preset=&#8221;default&#8221; global_colors_info=&#8221;{}&#8221;][\/et_pb_image][\/et_pb_column][et_pb_column type=&#8221;1_2&#8243; _builder_version=&#8221;4.16&#8243; _module_preset=&#8221;default&#8221; background_color=&#8221;#f9f9f9&#8243; custom_padding=&#8221;80px|80px|80px|80px|true|true&#8221; custom_padding_tablet=&#8221;40px|40px|40px|40px|true|true&#8221; custom_padding_phone=&#8221;20px|20px|20px|20px|true|true&#8221; custom_padding_last_edited=&#8221;on|tablet&#8221; global_colors_info=&#8221;{}&#8221;][et_pb_text _builder_version=&#8221;4.27.4&#8243; _module_preset=&#8221;default&#8221; text_orientation=&#8221;justified&#8221; text_orientation_tablet=&#8221;&#8221; text_orientation_phone=&#8221;justified&#8221; text_orientation_last_edited=&#8221;on|desktop&#8221; global_colors_info=&#8221;{}&#8221;]\n<h2 style=\"text-align: center;\">Bordeller som drivs av prostituerade<\/h2>\n<p><strong>Uppdragsgivare:<\/strong> ETC<br \/><strong>Plats<\/strong>: Amsterdam<br \/>Artikeln handlar om prostituerade som sj\u00e4lva driver sina bordeller med hj\u00e4lp av Amsterdam stad.<br \/><strong>Min roll:<\/strong> Journalist och fotograf.<\/p>\n[\/et_pb_text][\/et_pb_column][\/et_pb_row][et_pb_row column_structure=&#8221;1_2,1_2&#8243; use_custom_gutter=&#8221;on&#8221; gutter_width=&#8221;3&#8243; make_equal=&#8221;on&#8221; admin_label=&#8221;Stephen Hawking&#8221; _builder_version=&#8221;4.16&#8243; _module_preset=&#8221;default&#8221; locked=&#8221;off&#8221; collapsed=&#8221;off&#8221; global_colors_info=&#8221;{}&#8221;][et_pb_column type=&#8221;1_2&#8243; _builder_version=&#8221;4.16&#8243; _module_preset=&#8221;default&#8221; global_colors_info=&#8221;{}&#8221;][et_pb_image src=&#8221;https:\/\/www.fullstory-media.com\/journalistik\/wp-content\/uploads\/sites\/3\/2021\/05\/Stephen-Hawking.png&#8221; title_text=&#8221;Stephen Hawking&#8221; _builder_version=&#8221;4.16&#8243; _module_preset=&#8221;default&#8221; global_colors_info=&#8221;{}&#8221;][\/et_pb_image][\/et_pb_column][et_pb_column type=&#8221;1_2&#8243; _builder_version=&#8221;4.16&#8243; _module_preset=&#8221;default&#8221; background_color=&#8221;#f9f9f9&#8243; custom_padding=&#8221;80px|80px|80px|80px|true|true&#8221; custom_padding_tablet=&#8221;40px|40px|40px|40px|true|true&#8221; custom_padding_phone=&#8221;20px|20px|20px|20px|true|true&#8221; custom_padding_last_edited=&#8221;on|tablet&#8221; global_colors_info=&#8221;{}&#8221;][et_pb_text _builder_version=&#8221;4.27.4&#8243; _module_preset=&#8221;default&#8221; text_orientation=&#8221;justified&#8221; text_orientation_tablet=&#8221;&#8221; text_orientation_phone=&#8221;justified&#8221; text_orientation_last_edited=&#8221;on|phone&#8221; global_colors_info=&#8221;{}&#8221;]\n<h2 style=\"text-align: center;\">Tyngdl\u00f6shet med Stephen Hawking<\/h2>\n<p><strong>Uppdragsgivare<\/strong>: The Cover Story \/ Granangular<br \/><strong>Plats<\/strong>: Amsterdam<br \/>Artikel om Stephen Hawkings resa med NASA:s specialbyggda plan.<br \/><strong>Min roll:<\/strong> Journalist.<\/p>\n[\/et_pb_text][\/et_pb_column][\/et_pb_row][\/et_pb_section][et_pb_section fb_built=&#8221;1&#8243; admin_label=&#8221;CTA&#8221; _builder_version=&#8221;4.16&#8243; _module_preset=&#8221;default&#8221; use_background_color_gradient=&#8221;on&#8221; background_color_gradient_stops=&#8221;rgba(0,0,0,0.92) 0%|rgba(0,0,0,0.92) 100%&#8221; background_color_gradient_overlays_image=&#8221;on&#8221; background_color_gradient_start=&#8221;rgba(0,0,0,0.92)&#8221; background_color_gradient_end=&#8221;rgba(0,0,0,0.92)&#8221; background_enable_image=&#8221;off&#8221; background_video_mp4=&#8221;https:\/\/www.fullstory-media.com\/marknadsforing\/wp-content\/uploads\/sites\/2\/2021\/05\/road-720-fast.mp4&#8243; global_colors_info=&#8221;{}&#8221;][et_pb_row _builder_version=&#8221;4.16&#8243; _module_preset=&#8221;default&#8221; max_width=&#8221;600px&#8221; max_width_tablet=&#8221;480px&#8221; max_width_phone=&#8221;92%&#8221; max_width_last_edited=&#8221;on|phone&#8221; module_alignment=&#8221;center&#8221; global_colors_info=&#8221;{}&#8221;][et_pb_column type=&#8221;4_4&#8243; _builder_version=&#8221;4.16&#8243; _module_preset=&#8221;default&#8221; global_colors_info=&#8221;{}&#8221;][et_pb_text _builder_version=&#8221;4.16&#8243; _module_preset=&#8221;default&#8221; text_orientation=&#8221;center&#8221; background_layout=&#8221;dark&#8221; global_colors_info=&#8221;{}&#8221;]\n<p>Ibland \u00e4r det br\u00e5ttom och ibland m\u00e5ste du planera fram\u00e5t.<br \/>Oavsett situation &#8211; h\u00f6r av dig.<\/p>\n[\/et_pb_text][et_pb_button button_url=&#8221;\/journalistik\/kontakt\/&#8221; button_text=&#8221;Kontakt&#8221; button_alignment=&#8221;center&#8221; module_class=&#8221;read-more-white&#8221; _builder_version=&#8221;4.16&#8243; _module_preset=&#8221;default&#8221; global_colors_info=&#8221;{}&#8221;][\/et_pb_button][\/et_pb_column][\/et_pb_row][\/et_pb_section]\n","protected":false},"excerpt":{"rendered":"<p>Mina uppdrag som frilansjournalist Som frilansjournalist med bas i Malm\u00f6 och Amsterdam jobbar jag i text, bild och video. P\u00e5 tre spr\u00e5k (Svenska, Engelska, Nederl\u00e4ndska) skildrar jag livs\u00f6den, historier, situationer och m\u00e4nskliga utmaningar. Uppdragsgivare \u00e4r m\u00e5nga men nedan ser du n\u00e5gra uppdrag f\u00f6r Washington Post, Al Jazeera, Goldman environmental prize, SVT, ETC och Omv\u00e4rlden.H\u00f6gervridna partier [&hellip;]<\/p>\n","protected":false},"author":1,"featured_media":0,"parent":0,"menu_order":0,"comment_status":"closed","ping_status":"closed","template":"","meta":{"_et_pb_use_builder":"on","_et_pb_old_content":"","_et_gb_content_width":"","footnotes":""},"class_list":["post-19","page","type-page","status-publish","hentry"],"yoast_head":"<!-- This site is optimized with the Yoast SEO plugin v27.5 - https:\/\/yoast.com\/product\/yoast-seo-wordpress\/ -->\n<title>Frilansjournalist i Malm\u00f6 och Amsterdam | Full Story Media<\/title>\n<meta name=\"description\" content=\"Frilansjournalist med kunder s\u00e5som Washington Post, SVT och Al Jazeera. Jobbar med text, bild och video. Bas i Malm\u00f6 och Amsterdam.\" \/>\n<meta name=\"robots\" content=\"index, follow, max-snippet:-1, max-image-preview:large, max-video-preview:-1\" \/>\n<link rel=\"canonical\" href=\"https:\/\/www.fullstory-media.com\/journalistik\/uppdrag\/\" \/>\n<meta property=\"og:locale\" content=\"sv_SE\" \/>\n<meta property=\"og:type\" content=\"article\" \/>\n<meta property=\"og:title\" content=\"Frilansjournalist i Malm\u00f6 och Amsterdam | Full Story Media\" \/>\n<meta property=\"og:description\" content=\"Frilansjournalist med kunder s\u00e5som Washington Post, SVT och Al Jazeera. Jobbar med text, bild och video. Bas i Malm\u00f6 och Amsterdam.\" \/>\n<meta property=\"og:url\" content=\"https:\/\/www.fullstory-media.com\/journalistik\/uppdrag\/\" \/>\n<meta property=\"og:site_name\" content=\"Journalistik\" \/>\n<meta property=\"article:modified_time\" content=\"2025-03-06T11:34:44+00:00\" \/>\n<meta name=\"twitter:card\" content=\"summary_large_image\" \/>\n<meta name=\"twitter:label1\" content=\"Ber\u00e4knad l\u00e4stid\" \/>\n\t<meta name=\"twitter:data1\" content=\"3 minuter\" \/>\n<script type=\"application\/ld+json\" class=\"yoast-schema-graph\">{\"@context\":\"https:\\\/\\\/schema.org\",\"@graph\":[{\"@type\":\"WebPage\",\"@id\":\"https:\\\/\\\/www.fullstory-media.com\\\/journalistik\\\/uppdrag\\\/\",\"url\":\"https:\\\/\\\/www.fullstory-media.com\\\/journalistik\\\/uppdrag\\\/\",\"name\":\"Frilansjournalist i Malm\u00f6 och Amsterdam | Full Story Media\",\"isPartOf\":{\"@id\":\"https:\\\/\\\/www.fullstory-media.com\\\/journalistik\\\/#website\"},\"datePublished\":\"2021-04-16T13:33:24+00:00\",\"dateModified\":\"2025-03-06T11:34:44+00:00\",\"description\":\"Frilansjournalist med kunder s\u00e5som Washington Post, SVT och Al Jazeera. Jobbar med text, bild och video. Bas i Malm\u00f6 och Amsterdam.\",\"breadcrumb\":{\"@id\":\"https:\\\/\\\/www.fullstory-media.com\\\/journalistik\\\/uppdrag\\\/#breadcrumb\"},\"inLanguage\":\"sv-SE\",\"potentialAction\":[{\"@type\":\"ReadAction\",\"target\":[\"https:\\\/\\\/www.fullstory-media.com\\\/journalistik\\\/uppdrag\\\/\"]}]},{\"@type\":\"BreadcrumbList\",\"@id\":\"https:\\\/\\\/www.fullstory-media.com\\\/journalistik\\\/uppdrag\\\/#breadcrumb\",\"itemListElement\":[{\"@type\":\"ListItem\",\"position\":1,\"name\":\"Home\",\"item\":\"https:\\\/\\\/www.fullstory-media.com\\\/journalistik\\\/\"},{\"@type\":\"ListItem\",\"position\":2,\"name\":\"Uppdrag\"}]},{\"@type\":\"WebSite\",\"@id\":\"https:\\\/\\\/www.fullstory-media.com\\\/journalistik\\\/#website\",\"url\":\"https:\\\/\\\/www.fullstory-media.com\\\/journalistik\\\/\",\"name\":\"Journalistik\",\"description\":\"\u00c4nnu en webbplats hos Full Story Media-webbplatser\",\"potentialAction\":[{\"@type\":\"SearchAction\",\"target\":{\"@type\":\"EntryPoint\",\"urlTemplate\":\"https:\\\/\\\/www.fullstory-media.com\\\/journalistik\\\/?s={search_term_string}\"},\"query-input\":{\"@type\":\"PropertyValueSpecification\",\"valueRequired\":true,\"valueName\":\"search_term_string\"}}],\"inLanguage\":\"sv-SE\"}]}<\/script>\n<!-- \/ Yoast SEO plugin. -->","yoast_head_json":{"title":"Frilansjournalist i Malm\u00f6 och Amsterdam | Full Story Media","description":"Frilansjournalist med kunder s\u00e5som Washington Post, SVT och Al Jazeera. Jobbar med text, bild och video. Bas i Malm\u00f6 och Amsterdam.","robots":{"index":"index","follow":"follow","max-snippet":"max-snippet:-1","max-image-preview":"max-image-preview:large","max-video-preview":"max-video-preview:-1"},"canonical":"https:\/\/www.fullstory-media.com\/journalistik\/uppdrag\/","og_locale":"sv_SE","og_type":"article","og_title":"Frilansjournalist i Malm\u00f6 och Amsterdam | Full Story Media","og_description":"Frilansjournalist med kunder s\u00e5som Washington Post, SVT och Al Jazeera. Jobbar med text, bild och video. Bas i Malm\u00f6 och Amsterdam.","og_url":"https:\/\/www.fullstory-media.com\/journalistik\/uppdrag\/","og_site_name":"Journalistik","article_modified_time":"2025-03-06T11:34:44+00:00","twitter_card":"summary_large_image","twitter_misc":{"Ber\u00e4knad l\u00e4stid":"3 minuter"},"schema":{"@context":"https:\/\/schema.org","@graph":[{"@type":"WebPage","@id":"https:\/\/www.fullstory-media.com\/journalistik\/uppdrag\/","url":"https:\/\/www.fullstory-media.com\/journalistik\/uppdrag\/","name":"Frilansjournalist i Malm\u00f6 och Amsterdam | Full Story Media","isPartOf":{"@id":"https:\/\/www.fullstory-media.com\/journalistik\/#website"},"datePublished":"2021-04-16T13:33:24+00:00","dateModified":"2025-03-06T11:34:44+00:00","description":"Frilansjournalist med kunder s\u00e5som Washington Post, SVT och Al Jazeera. Jobbar med text, bild och video. Bas i Malm\u00f6 och Amsterdam.","breadcrumb":{"@id":"https:\/\/www.fullstory-media.com\/journalistik\/uppdrag\/#breadcrumb"},"inLanguage":"sv-SE","potentialAction":[{"@type":"ReadAction","target":["https:\/\/www.fullstory-media.com\/journalistik\/uppdrag\/"]}]},{"@type":"BreadcrumbList","@id":"https:\/\/www.fullstory-media.com\/journalistik\/uppdrag\/#breadcrumb","itemListElement":[{"@type":"ListItem","position":1,"name":"Home","item":"https:\/\/www.fullstory-media.com\/journalistik\/"},{"@type":"ListItem","position":2,"name":"Uppdrag"}]},{"@type":"WebSite","@id":"https:\/\/www.fullstory-media.com\/journalistik\/#website","url":"https:\/\/www.fullstory-media.com\/journalistik\/","name":"Journalistik","description":"\u00c4nnu en webbplats hos Full Story Media-webbplatser","potentialAction":[{"@type":"SearchAction","target":{"@type":"EntryPoint","urlTemplate":"https:\/\/www.fullstory-media.com\/journalistik\/?s={search_term_string}"},"query-input":{"@type":"PropertyValueSpecification","valueRequired":true,"valueName":"search_term_string"}}],"inLanguage":"sv-SE"}]}},"_links":{"self":[{"href":"https:\/\/www.fullstory-media.com\/journalistik\/wp-json\/wp\/v2\/pages\/19","targetHints":{"allow":["GET"]}}],"collection":[{"href":"https:\/\/www.fullstory-media.com\/journalistik\/wp-json\/wp\/v2\/pages"}],"about":[{"href":"https:\/\/www.fullstory-media.com\/journalistik\/wp-json\/wp\/v2\/types\/page"}],"author":[{"embeddable":true,"href":"https:\/\/www.fullstory-media.com\/journalistik\/wp-json\/wp\/v2\/users\/1"}],"replies":[{"embeddable":true,"href":"https:\/\/www.fullstory-media.com\/journalistik\/wp-json\/wp\/v2\/comments?post=19"}],"version-history":[{"count":92,"href":"https:\/\/www.fullstory-media.com\/journalistik\/wp-json\/wp\/v2\/pages\/19\/revisions"}],"predecessor-version":[{"id":1048,"href":"https:\/\/www.fullstory-media.com\/journalistik\/wp-json\/wp\/v2\/pages\/19\/revisions\/1048"}],"wp:attachment":[{"href":"https:\/\/www.fullstory-media.com\/journalistik\/wp-json\/wp\/v2\/media?parent=19"}],"curies":[{"name":"wp","href":"https:\/\/api.w.org\/{rel}","templated":true}]}}